{"id":2286,"date":"2026-03-06T16:32:56","date_gmt":"2026-03-06T16:32:56","guid":{"rendered":"https:\/\/www.sebastien-auziere.fr\/blog\/?page_id=2286"},"modified":"2026-03-06T17:34:10","modified_gmt":"2026-03-06T17:34:10","slug":"home-it","status":"publish","type":"page","link":"https:\/\/www.sebastien-auziere.fr\/blog\/it\/home-it\/","title":{"rendered":""},"content":{"rendered":"<div class=\"gb-container gb-container-6e85cd0d\">\n<div class=\"gb-grid-wrapper gb-grid-wrapper-c4a35da7\">\n<div class=\"gb-grid-column gb-grid-column-f18cd594\"><div class=\"gb-container gb-container-f18cd594\">\n\n<div class=\"gb-grid-wrapper gb-grid-wrapper-f960c789 auto-width gb-query-loop-wrapper\">\n<div class=\"gb-grid-column gb-grid-column-3388e468 gb-query-loop-item post-3436 post type-post status-publish format-standard has-post-thumbnail hentry category--ru tag---ru tag--aye-ru tag--ru\"><div class=\"gb-container gb-container-3388e468\" style=\"--background-image: url(https:\/\/www.sebastien-auziere.fr\/blog\/wp-content\/uploads\/2026\/04\/Brigitte-Macron-confrontee-a-des-insultes-lors-des-funerailles-de-Nathalie-Baye-a-Paris-768x429.jpg);\">\n<h6 class=\"gb-headline gb-headline-1c78bfc1 gb-headline-text\"><span class=\"post-term-item term-%d0%bd%d0%be%d0%b2%d0%be%d1%81%d1%82%d0%b8-ru\"><a href=\"https:\/\/www.sebastien-auziere.fr\/blog\/ru\/category\/%d0%bd%d0%be%d0%b2%d0%be%d1%81%d1%82%d0%b8-ru\/\">\u041d\u043e\u0432\u043e\u0441\u0442\u0438<\/a><\/span><\/h6>\n\n<h3 class=\"gb-headline gb-headline-ec7c0224 gb-headline-text\"><a href=\"https:\/\/www.sebastien-auziere.fr\/blog\/ru\/%d0%b1%d1%80%d0%b8%d0%b6%d0%b8%d1%82-%d0%bc%d0%b0%d0%ba%d1%80%d0%be%d0%bd-%d1%81%d1%82%d0%be%d0%bb%d0%ba%d0%bd%d1%83%d0%bb%d0%b0%d1%81%d1%8c-%d1%81-%d0%be%d1%81%d0%ba%d0%be%d1%80%d0%b1%d0%bb%d0%b5\/\">\u0411\u0440\u0438\u0436\u0438\u0442 \u041c\u0430\u043a\u0440\u043e\u043d \u0441\u0442\u043e\u043b\u043a\u043d\u0443\u043b\u0430\u0441\u044c \u0441 \u043e\u0441\u043a\u043e\u0440\u0431\u043b\u0435\u043d\u0438\u044f\u043c\u0438 \u043d\u0430 \u043f\u043e\u0445\u043e\u0440\u043e\u043d\u0430\u0445 \u041d\u0430\u0442\u0430\u043b\u0438 \u0411\u0430\u044f \u0432 \u041f\u0430\u0440\u0438\u0436\u0435<\/a><\/h3>\n\n<div class=\"gb-container gb-container-b8272b8f\">\n<div class=\"gb-headline gb-headline-93d318ca gb-headline-text\"><time class=\"entry-date published\" datetime=\"2026-04-29T07:21:06+00:00\">avril 29, 2026<\/time><\/div>\n\n\n<div class=\"gb-headline gb-headline-b711c1fd gb-headline-text\">DI <\/div>\n\n\n<div class=\"gb-headline gb-headline-e9cec236 gb-headline-text\">Chloe Gauthier<\/div>\n<\/div>\n<\/div><\/div>\n<\/div>\n\n<\/div><\/div>\n\n<div class=\"gb-grid-column gb-grid-column-85bb5d2e\"><div class=\"gb-container gb-container-85bb5d2e\">\n\n<div class=\"gb-grid-wrapper gb-grid-wrapper-1fb3fb36 gb-query-loop-wrapper\">\n<div class=\"gb-grid-column gb-grid-column-e1e8bef5 gb-query-loop-item post-3434 post type-post status-publish format-standard has-post-thumbnail hentry category-actualidades-pt tag-brigitte-macron-pt tag-funerais-pt tag-insultos-pt tag-nathalie-baye-pt tag-paris-pt\"><div class=\"gb-container gb-container-e1e8bef5\" style=\"--background-image: url(https:\/\/www.sebastien-auziere.fr\/blog\/wp-content\/uploads\/2026\/04\/Brigitte-Macron-confrontee-a-des-insultes-lors-des-funerailles-de-Nathalie-Baye-a-Paris-300x167.jpg);\">\n<h6 class=\"gb-headline gb-headline-73ac9432 gb-headline-text\"><span class=\"post-term-item term-actualidades-pt\"><a href=\"https:\/\/www.sebastien-auziere.fr\/blog\/pt\/category\/actualidades-pt\/\">Actualidades<\/a><\/span><\/h6>\n\n<h3 class=\"gb-headline gb-headline-19674ae8 gb-headline-text\"><a href=\"https:\/\/www.sebastien-auziere.fr\/blog\/pt\/brigitte-macron-confrontada-com-insultos-durante-o-funeral-de-nathalie-baye-em-paris\/\">Brigitte Macron confrontada com insultos durante o funeral de Nathalie Baye em Paris<\/a><\/h3>\n<\/div><\/div>\n\n<div class=\"gb-grid-column gb-grid-column-e1e8bef5 gb-query-loop-item post-3432 post type-post status-publish format-standard has-post-thumbnail hentry category-actualita-it tag-brigitte-macron-it tag-funerali-it tag-insulti-it tag-nathalie-baye-it tag-parigi-it\"><div class=\"gb-container gb-container-e1e8bef5\" style=\"--background-image: url(https:\/\/www.sebastien-auziere.fr\/blog\/wp-content\/uploads\/2026\/04\/Brigitte-Macron-confrontee-a-des-insultes-lors-des-funerailles-de-Nathalie-Baye-a-Paris-300x167.jpg);\">\n<h6 class=\"gb-headline gb-headline-73ac9432 gb-headline-text\"><span class=\"post-term-item term-actualita-it\"><a href=\"https:\/\/www.sebastien-auziere.fr\/blog\/it\/category\/actualita-it\/\">Actualit\u00e0<\/a><\/span><\/h6>\n\n<h3 class=\"gb-headline gb-headline-19674ae8 gb-headline-text\"><a href=\"https:\/\/www.sebastien-auziere.fr\/blog\/it\/brigitte-macron-confrontata-da-insulti-durante-i-funerali-di-nathalie-baye-a-parigi\/\">Brigitte Macron confrontata da insulti durante i funerali di Nathalie Baye a Parigi<\/a><\/h3>\n<\/div><\/div>\n\n<div class=\"gb-grid-column gb-grid-column-e1e8bef5 gb-query-loop-item post-3430 post type-post status-publish format-standard has-post-thumbnail hentry category-aktuelles-de tag-beerdigungen-de tag-brigitte-macron-de tag-insulte-de tag-nathalie-baye-de tag-paris-de\"><div class=\"gb-container gb-container-e1e8bef5\" style=\"--background-image: url(https:\/\/www.sebastien-auziere.fr\/blog\/wp-content\/uploads\/2026\/04\/Brigitte-Macron-confrontee-a-des-insultes-lors-des-funerailles-de-Nathalie-Baye-a-Paris-300x167.jpg);\">\n<h6 class=\"gb-headline gb-headline-73ac9432 gb-headline-text\"><span class=\"post-term-item term-aktuelles-de\"><a href=\"https:\/\/www.sebastien-auziere.fr\/blog\/de\/category\/aktuelles-de\/\">Aktuelles<\/a><\/span><\/h6>\n\n<h3 class=\"gb-headline gb-headline-19674ae8 gb-headline-text\"><a href=\"https:\/\/www.sebastien-auziere.fr\/blog\/de\/brigitte-macron-sieht-sich-bei-den-beerdigungen-von-nathalie-baye-in-paris-beleidigungen-ausgesetzt\/\">Brigitte Macron sieht sich bei den Beerdigungen von Nathalie Baye in Paris Beleidigungen ausgesetzt<\/a><\/h3>\n<\/div><\/div>\n\n<div class=\"gb-grid-column gb-grid-column-e1e8bef5 gb-query-loop-item post-3428 post type-post status-publish format-standard has-post-thumbnail hentry category-actualidades-es tag-brigitte-macron-es tag-funerales-es tag-insultos-es tag-nathalie-baye-es tag-paris-es\"><div class=\"gb-container gb-container-e1e8bef5\" style=\"--background-image: url(https:\/\/www.sebastien-auziere.fr\/blog\/wp-content\/uploads\/2026\/04\/Brigitte-Macron-confrontee-a-des-insultes-lors-des-funerailles-de-Nathalie-Baye-a-Paris-300x167.jpg);\">\n<h6 class=\"gb-headline gb-headline-73ac9432 gb-headline-text\"><span class=\"post-term-item term-actualidades-es\"><a href=\"https:\/\/www.sebastien-auziere.fr\/blog\/es\/category\/actualidades-es\/\">Actualidades<\/a><\/span><\/h6>\n\n<h3 class=\"gb-headline gb-headline-19674ae8 gb-headline-text\"><a href=\"https:\/\/www.sebastien-auziere.fr\/blog\/es\/brigitte-macron-enfrento-insultos-durante-el-funeral-de-nathalie-baye-en-paris\/\">Brigitte Macron enfrent\u00f3 insultos durante el funeral de Nathalie Baye en Par\u00eds<\/a><\/h3>\n<\/div><\/div>\n<\/div>\n\n<\/div><\/div>\n<\/div>\n<\/div>\n\n<div class=\"gb-container gb-container-c5a206d6\">\n<div class=\"gb-grid-wrapper gb-grid-wrapper-a395fb04\">\n<div class=\"gb-grid-column gb-grid-column-3092ebb6\"><div class=\"gb-container gb-container-3092ebb6\">\n<div class=\"gb-container gb-container-13482eec\">\n\n<h4 class=\"gb-headline gb-headline-3649ab25 gb-headline-text\"><\/h4>\n\n\n<div class=\"gb-container gb-container-c3e8a8f7\"><\/div>\n\n\n<a class=\"gb-button gb-button-1eafb82f\" href=\"#\"><span class=\"gb-button-text\">Di pi\u00f9<\/span><span class=\"gb-icon\"><\/span><\/a>\n\n<\/div>\n\n<div class=\"gb-container gb-container-c8964c1b\">\n<div class=\"gb-grid-wrapper gb-grid-wrapper-f11ffbc6\">\n<div class=\"gb-grid-column gb-grid-column-85af8d8c\"><div class=\"gb-container gb-container-85af8d8c\">\n\n<div class=\"gb-grid-wrapper gb-grid-wrapper-1ee239c9 gb-query-loop-wrapper\">\n<div class=\"gb-grid-column gb-grid-column-a3f42311 gb-query-loop-item post-3436 post type-post status-publish format-standard has-post-thumbnail hentry category--ru tag---ru tag--aye-ru tag--ru\"><div class=\"gb-container gb-container-a3f42311\">\n<figure class=\"gb-block-image gb-block-image-83844dda\"><img decoding=\"async\" width=\"300\" height=\"167\" src=\"https:\/\/www.sebastien-auziere.fr\/blog\/wp-content\/uploads\/2026\/04\/Brigitte-Macron-confrontee-a-des-insultes-lors-des-funerailles-de-Nathalie-Baye-a-Paris-300x167.jpg\" class=\"gb-image-83844dda\" alt=\"brigitte macron victime d&#039;insultes lors des fun\u00e9railles de nathalie baye \u00e0 paris, un moment de tension in\u00e9dit et bouleversant.\" srcset=\"https:\/\/www.sebastien-auziere.fr\/blog\/wp-content\/uploads\/2026\/04\/Brigitte-Macron-confrontee-a-des-insultes-lors-des-funerailles-de-Nathalie-Baye-a-Paris-300x167.jpg 300w, https:\/\/www.sebastien-auziere.fr\/blog\/wp-content\/uploads\/2026\/04\/Brigitte-Macron-confrontee-a-des-insultes-lors-des-funerailles-de-Nathalie-Baye-a-Paris-1024x572.jpg 1024w, https:\/\/www.sebastien-auziere.fr\/blog\/wp-content\/uploads\/2026\/04\/Brigitte-Macron-confrontee-a-des-insultes-lors-des-funerailles-de-Nathalie-Baye-a-Paris-768x429.jpg 768w, https:\/\/www.sebastien-auziere.fr\/blog\/wp-content\/uploads\/2026\/04\/Brigitte-Macron-confrontee-a-des-insultes-lors-des-funerailles-de-Nathalie-Baye-a-Paris-1536x857.jpg 1536w, https:\/\/www.sebastien-auziere.fr\/blog\/wp-content\/uploads\/2026\/04\/Brigitte-Macron-confrontee-a-des-insultes-lors-des-funerailles-de-Nathalie-Baye-a-Paris-2048x1143.jpg 2048w\" sizes=\"(max-width: 300px) 100vw, 300px\" \/><\/figure>\n\n<h6 class=\"gb-headline gb-headline-17f228ad gb-headline-text\"><span class=\"post-term-item term-%d0%bd%d0%be%d0%b2%d0%be%d1%81%d1%82%d0%b8-ru\"><a href=\"https:\/\/www.sebastien-auziere.fr\/blog\/ru\/category\/%d0%bd%d0%be%d0%b2%d0%be%d1%81%d1%82%d0%b8-ru\/\">\u041d\u043e\u0432\u043e\u0441\u0442\u0438<\/a><\/span><\/h6>\n\n<h3 class=\"gb-headline gb-headline-f683a07e gb-headline-text\"><a href=\"https:\/\/www.sebastien-auziere.fr\/blog\/ru\/%d0%b1%d1%80%d0%b8%d0%b6%d0%b8%d1%82-%d0%bc%d0%b0%d0%ba%d1%80%d0%be%d0%bd-%d1%81%d1%82%d0%be%d0%bb%d0%ba%d0%bd%d1%83%d0%bb%d0%b0%d1%81%d1%8c-%d1%81-%d0%be%d1%81%d0%ba%d0%be%d1%80%d0%b1%d0%bb%d0%b5\/\">\u0411\u0440\u0438\u0436\u0438\u0442 \u041c\u0430\u043a\u0440\u043e\u043d \u0441\u0442\u043e\u043b\u043a\u043d\u0443\u043b\u0430\u0441\u044c \u0441 \u043e\u0441\u043a\u043e\u0440\u0431\u043b\u0435\u043d\u0438\u044f\u043c\u0438 \u043d\u0430 \u043f\u043e\u0445\u043e\u0440\u043e\u043d\u0430\u0445 \u041d\u0430\u0442\u0430\u043b\u0438 \u0411\u0430\u044f \u0432 \u041f\u0430\u0440\u0438\u0436\u0435<\/a><\/h3>\n\n<p class=\"gb-headline gb-headline-a229a970 gb-headline-text\"><time class=\"entry-date published\" datetime=\"2026-04-29T07:21:06+00:00\">avril 29, 2026<\/time><\/p>\n\n<div class=\"gb-headline gb-headline-12a64ebb gb-headline-text\">\u0411\u0440\u0438\u0436\u0438\u0442 \u041c\u0430\u043a\u0440\u043e\u043d \u0431\u044b\u043b\u0430 \u043f\u043e\u0434\u0432\u0435\u0440\u0433\u043d\u0443\u0442\u0430 \u043a\u0440\u0438\u0442\u0438\u043a\u0435 \u043f\u043e \u043f\u0440\u0438\u0431\u044b\u0442\u0438\u0438 \u043d\u0430 \u043f\u043e\u0445\u043e\u0440\u043e\u043d\u044b \u041d\u0430\u0442\u0430\u043b\u0438 \u0411\u0430\u0439 \u0432 \u041f\u0430\u0440\u0438\u0436\u0435 24 \u0430\u043f\u0440\u0435\u043b\u044f 2026 \u0433\u043e\u0434\u0430, \u0441\u043e\u0433\u043b\u0430\u0441\u043d\u043e \u043d\u0435\u0441\u043a\u043e\u043b\u044c\u043a\u0438\u043c \u0432\u0438\u0434\u0435\u043e &#8230;<\/div>\n<\/div><\/div>\n<\/div>\n\n<\/div><\/div>\n\n<div class=\"gb-grid-column gb-grid-column-9d6b6a1b\"><div class=\"gb-container gb-container-9d6b6a1b\">\n\n<div class=\"gb-grid-wrapper gb-grid-wrapper-e9563013 gb-query-loop-wrapper\">\n<div class=\"gb-grid-column gb-grid-column-8cd5e2bd gb-query-loop-item post-3434 post type-post status-publish format-standard has-post-thumbnail hentry category-actualidades-pt tag-brigitte-macron-pt tag-funerais-pt tag-insultos-pt tag-nathalie-baye-pt tag-paris-pt\"><div class=\"gb-container gb-container-8cd5e2bd\">\n<div class=\"gb-grid-wrapper gb-grid-wrapper-63d48d78\">\n<div class=\"gb-grid-column gb-grid-column-8b3b2841\"><div class=\"gb-container gb-container-8b3b2841\"><div class=\"gb-inside-container\">\n<figure class=\"gb-block-image gb-block-image-65748d05\"><img decoding=\"async\" width=\"150\" height=\"150\" src=\"https:\/\/www.sebastien-auziere.fr\/blog\/wp-content\/uploads\/2026\/04\/Brigitte-Macron-confrontee-a-des-insultes-lors-des-funerailles-de-Nathalie-Baye-a-Paris-150x150.jpg\" class=\"gb-image-65748d05\" alt=\"brigitte macron victime d&#039;insultes lors des fun\u00e9railles de nathalie baye \u00e0 paris, un moment de tension in\u00e9dit et bouleversant.\" \/><\/figure>\n<\/div><\/div><\/div>\n\n<div class=\"gb-grid-column gb-grid-column-8f436855\"><div class=\"gb-container gb-container-8f436855\"><div class=\"gb-inside-container\">\n<h3 class=\"gb-headline gb-headline-b49c8028 gb-headline-text\"><a href=\"https:\/\/www.sebastien-auziere.fr\/blog\/pt\/brigitte-macron-confrontada-com-insultos-durante-o-funeral-de-nathalie-baye-em-paris\/\">Brigitte Macron confrontada com insultos durante o funeral de Nathalie Baye em Paris<\/a><\/h3>\n\n<p class=\"gb-headline gb-headline-6b3e375e gb-headline-text\"><time class=\"entry-date published\" datetime=\"2026-04-29T07:19:28+00:00\">avril 29, 2026<\/time><\/p>\n<\/div><\/div><\/div>\n<\/div>\n<\/div><\/div>\n\n<div class=\"gb-grid-column gb-grid-column-8cd5e2bd gb-query-loop-item post-3432 post type-post status-publish format-standard has-post-thumbnail hentry category-actualita-it tag-brigitte-macron-it tag-funerali-it tag-insulti-it tag-nathalie-baye-it tag-parigi-it\"><div class=\"gb-container gb-container-8cd5e2bd\">\n<div class=\"gb-grid-wrapper gb-grid-wrapper-63d48d78\">\n<div class=\"gb-grid-column gb-grid-column-8b3b2841\"><div class=\"gb-container gb-container-8b3b2841\"><div class=\"gb-inside-container\">\n<figure class=\"gb-block-image gb-block-image-65748d05\"><img decoding=\"async\" width=\"150\" height=\"150\" src=\"https:\/\/www.sebastien-auziere.fr\/blog\/wp-content\/uploads\/2026\/04\/Brigitte-Macron-confrontee-a-des-insultes-lors-des-funerailles-de-Nathalie-Baye-a-Paris-150x150.jpg\" class=\"gb-image-65748d05\" alt=\"brigitte macron victime d&#039;insultes lors des fun\u00e9railles de nathalie baye \u00e0 paris, un moment de tension in\u00e9dit et bouleversant.\" \/><\/figure>\n<\/div><\/div><\/div>\n\n<div class=\"gb-grid-column gb-grid-column-8f436855\"><div class=\"gb-container gb-container-8f436855\"><div class=\"gb-inside-container\">\n<h3 class=\"gb-headline gb-headline-b49c8028 gb-headline-text\"><a href=\"https:\/\/www.sebastien-auziere.fr\/blog\/it\/brigitte-macron-confrontata-da-insulti-durante-i-funerali-di-nathalie-baye-a-parigi\/\">Brigitte Macron confrontata da insulti durante i funerali di Nathalie Baye a Parigi<\/a><\/h3>\n\n<p class=\"gb-headline gb-headline-6b3e375e gb-headline-text\"><time class=\"entry-date published\" datetime=\"2026-04-29T07:18:50+00:00\">avril 29, 2026<\/time><\/p>\n<\/div><\/div><\/div>\n<\/div>\n<\/div><\/div>\n\n<div class=\"gb-grid-column gb-grid-column-8cd5e2bd gb-query-loop-item post-3430 post type-post status-publish format-standard has-post-thumbnail hentry category-aktuelles-de tag-beerdigungen-de tag-brigitte-macron-de tag-insulte-de tag-nathalie-baye-de tag-paris-de\"><div class=\"gb-container gb-container-8cd5e2bd\">\n<div class=\"gb-grid-wrapper gb-grid-wrapper-63d48d78\">\n<div class=\"gb-grid-column gb-grid-column-8b3b2841\"><div class=\"gb-container gb-container-8b3b2841\"><div class=\"gb-inside-container\">\n<figure class=\"gb-block-image gb-block-image-65748d05\"><img decoding=\"async\" width=\"150\" height=\"150\" src=\"https:\/\/www.sebastien-auziere.fr\/blog\/wp-content\/uploads\/2026\/04\/Brigitte-Macron-confrontee-a-des-insultes-lors-des-funerailles-de-Nathalie-Baye-a-Paris-150x150.jpg\" class=\"gb-image-65748d05\" alt=\"brigitte macron victime d&#039;insultes lors des fun\u00e9railles de nathalie baye \u00e0 paris, un moment de tension in\u00e9dit et bouleversant.\" \/><\/figure>\n<\/div><\/div><\/div>\n\n<div class=\"gb-grid-column gb-grid-column-8f436855\"><div class=\"gb-container gb-container-8f436855\"><div class=\"gb-inside-container\">\n<h3 class=\"gb-headline gb-headline-b49c8028 gb-headline-text\"><a href=\"https:\/\/www.sebastien-auziere.fr\/blog\/de\/brigitte-macron-sieht-sich-bei-den-beerdigungen-von-nathalie-baye-in-paris-beleidigungen-ausgesetzt\/\">Brigitte Macron sieht sich bei den Beerdigungen von Nathalie Baye in Paris Beleidigungen ausgesetzt<\/a><\/h3>\n\n<p class=\"gb-headline gb-headline-6b3e375e gb-headline-text\"><time class=\"entry-date published\" datetime=\"2026-04-29T07:16:25+00:00\">avril 29, 2026<\/time><\/p>\n<\/div><\/div><\/div>\n<\/div>\n<\/div><\/div>\n\n<div class=\"gb-grid-column gb-grid-column-8cd5e2bd gb-query-loop-item post-3428 post type-post status-publish format-standard has-post-thumbnail hentry category-actualidades-es tag-brigitte-macron-es tag-funerales-es tag-insultos-es tag-nathalie-baye-es tag-paris-es\"><div class=\"gb-container gb-container-8cd5e2bd\">\n<div class=\"gb-grid-wrapper gb-grid-wrapper-63d48d78\">\n<div class=\"gb-grid-column gb-grid-column-8b3b2841\"><div class=\"gb-container gb-container-8b3b2841\"><div class=\"gb-inside-container\">\n<figure class=\"gb-block-image gb-block-image-65748d05\"><img decoding=\"async\" width=\"150\" height=\"150\" src=\"https:\/\/www.sebastien-auziere.fr\/blog\/wp-content\/uploads\/2026\/04\/Brigitte-Macron-confrontee-a-des-insultes-lors-des-funerailles-de-Nathalie-Baye-a-Paris-150x150.jpg\" class=\"gb-image-65748d05\" alt=\"brigitte macron victime d&#039;insultes lors des fun\u00e9railles de nathalie baye \u00e0 paris, un moment de tension in\u00e9dit et bouleversant.\" \/><\/figure>\n<\/div><\/div><\/div>\n\n<div class=\"gb-grid-column gb-grid-column-8f436855\"><div class=\"gb-container gb-container-8f436855\"><div class=\"gb-inside-container\">\n<h3 class=\"gb-headline gb-headline-b49c8028 gb-headline-text\"><a href=\"https:\/\/www.sebastien-auziere.fr\/blog\/es\/brigitte-macron-enfrento-insultos-durante-el-funeral-de-nathalie-baye-en-paris\/\">Brigitte Macron enfrent\u00f3 insultos durante el funeral de Nathalie Baye en Par\u00eds<\/a><\/h3>\n\n<p class=\"gb-headline gb-headline-6b3e375e gb-headline-text\"><time class=\"entry-date published\" datetime=\"2026-04-29T07:15:06+00:00\">avril 29, 2026<\/time><\/p>\n<\/div><\/div><\/div>\n<\/div>\n<\/div><\/div>\n\n<div class=\"gb-grid-column gb-grid-column-8cd5e2bd gb-query-loop-item post-3426 post type-post status-publish format-standard has-post-thumbnail hentry category-news tag-brigitte-macron-en tag-funerals-en tag-insults-en tag-nathalie-baye-en tag-paris-en\"><div class=\"gb-container gb-container-8cd5e2bd\">\n<div class=\"gb-grid-wrapper gb-grid-wrapper-63d48d78\">\n<div class=\"gb-grid-column gb-grid-column-8b3b2841\"><div class=\"gb-container gb-container-8b3b2841\"><div class=\"gb-inside-container\">\n<figure class=\"gb-block-image gb-block-image-65748d05\"><img decoding=\"async\" width=\"150\" height=\"150\" src=\"https:\/\/www.sebastien-auziere.fr\/blog\/wp-content\/uploads\/2026\/04\/Brigitte-Macron-confrontee-a-des-insultes-lors-des-funerailles-de-Nathalie-Baye-a-Paris-150x150.jpg\" class=\"gb-image-65748d05\" alt=\"brigitte macron victime d&#039;insultes lors des fun\u00e9railles de nathalie baye \u00e0 paris, un moment de tension in\u00e9dit et bouleversant.\" \/><\/figure>\n<\/div><\/div><\/div>\n\n<div class=\"gb-grid-column gb-grid-column-8f436855\"><div class=\"gb-container gb-container-8f436855\"><div class=\"gb-inside-container\">\n<h3 class=\"gb-headline gb-headline-b49c8028 gb-headline-text\"><a href=\"https:\/\/www.sebastien-auziere.fr\/blog\/en\/brigitte-macron-confronted-with-insults-during-nathalie-bayes-funeral-in-paris\/\">Brigitte Macron confronted with insults during Nathalie Baye&rsquo;s funeral in Paris<\/a><\/h3>\n\n<p class=\"gb-headline gb-headline-6b3e375e gb-headline-text\"><time class=\"entry-date published\" datetime=\"2026-04-29T07:14:42+00:00\">avril 29, 2026<\/time><\/p>\n<\/div><\/div><\/div>\n<\/div>\n<\/div><\/div>\n<\/div>\n\n<\/div><\/div>\n<\/div>\n<\/div>\n\n<div class=\"gb-container gb-container-b7497bd3\">\n<div class=\"gb-container gb-container-81609930\">\n\n<h4 class=\"gb-headline gb-headline-24fda559 gb-headline-text\"><\/h4>\n\n\n<div class=\"gb-container gb-container-d0426b62\"><\/div>\n\n\n<a class=\"gb-button gb-button-6b5e9acd\" href=\"#\"><span class=\"gb-button-text\">Di pi\u00f9<\/span><span class=\"gb-icon\"><\/span><\/a>\n\n<\/div>\n\n<div class=\"gb-container gb-container-d4d57ae5\">\n\n<div class=\"gb-grid-wrapper gb-grid-wrapper-f1030637 gb-query-loop-wrapper\">\n<div class=\"gb-grid-column gb-grid-column-d3a5d53a gb-query-loop-item post-3436 post type-post status-publish format-standard has-post-thumbnail hentry category--ru tag---ru tag--aye-ru tag--ru\"><div class=\"gb-container gb-container-d3a5d53a\" style=\"--background-image: url(https:\/\/www.sebastien-auziere.fr\/blog\/wp-content\/uploads\/2026\/04\/Brigitte-Macron-confrontee-a-des-insultes-lors-des-funerailles-de-Nathalie-Baye-a-Paris-300x167.jpg);\">\n<h6 class=\"gb-headline gb-headline-ce6e96bc gb-headline-text\"><span class=\"post-term-item term-%d0%bd%d0%be%d0%b2%d0%be%d1%81%d1%82%d0%b8-ru\"><a href=\"https:\/\/www.sebastien-auziere.fr\/blog\/ru\/category\/%d0%bd%d0%be%d0%b2%d0%be%d1%81%d1%82%d0%b8-ru\/\">\u041d\u043e\u0432\u043e\u0441\u0442\u0438<\/a><\/span><\/h6>\n\n<h3 class=\"gb-headline gb-headline-4408eeed gb-headline-text\"><a href=\"https:\/\/www.sebastien-auziere.fr\/blog\/ru\/%d0%b1%d1%80%d0%b8%d0%b6%d0%b8%d1%82-%d0%bc%d0%b0%d0%ba%d1%80%d0%be%d0%bd-%d1%81%d1%82%d0%be%d0%bb%d0%ba%d0%bd%d1%83%d0%bb%d0%b0%d1%81%d1%8c-%d1%81-%d0%be%d1%81%d0%ba%d0%be%d1%80%d0%b1%d0%bb%d0%b5\/\">\u0411\u0440\u0438\u0436\u0438\u0442 \u041c\u0430\u043a\u0440\u043e\u043d \u0441\u0442\u043e\u043b\u043a\u043d\u0443\u043b\u0430\u0441\u044c \u0441 \u043e\u0441\u043a\u043e\u0440\u0431\u043b\u0435\u043d\u0438\u044f\u043c\u0438 \u043d\u0430 \u043f\u043e\u0445\u043e\u0440\u043e\u043d\u0430\u0445 \u041d\u0430\u0442\u0430\u043b\u0438 \u0411\u0430\u044f \u0432 \u041f\u0430\u0440\u0438\u0436\u0435<\/a><\/h3>\n<\/div><\/div>\n\n<div class=\"gb-grid-column gb-grid-column-d3a5d53a gb-query-loop-item post-3434 post type-post status-publish format-standard has-post-thumbnail hentry category-actualidades-pt tag-brigitte-macron-pt tag-funerais-pt tag-insultos-pt tag-nathalie-baye-pt tag-paris-pt\"><div class=\"gb-container gb-container-d3a5d53a\" style=\"--background-image: url(https:\/\/www.sebastien-auziere.fr\/blog\/wp-content\/uploads\/2026\/04\/Brigitte-Macron-confrontee-a-des-insultes-lors-des-funerailles-de-Nathalie-Baye-a-Paris-300x167.jpg);\">\n<h6 class=\"gb-headline gb-headline-ce6e96bc gb-headline-text\"><span class=\"post-term-item term-actualidades-pt\"><a href=\"https:\/\/www.sebastien-auziere.fr\/blog\/pt\/category\/actualidades-pt\/\">Actualidades<\/a><\/span><\/h6>\n\n<h3 class=\"gb-headline gb-headline-4408eeed gb-headline-text\"><a href=\"https:\/\/www.sebastien-auziere.fr\/blog\/pt\/brigitte-macron-confrontada-com-insultos-durante-o-funeral-de-nathalie-baye-em-paris\/\">Brigitte Macron confrontada com insultos durante o funeral de Nathalie Baye em Paris<\/a><\/h3>\n<\/div><\/div>\n\n<div class=\"gb-grid-column gb-grid-column-d3a5d53a gb-query-loop-item post-3432 post type-post status-publish format-standard has-post-thumbnail hentry category-actualita-it tag-brigitte-macron-it tag-funerali-it tag-insulti-it tag-nathalie-baye-it tag-parigi-it\"><div class=\"gb-container gb-container-d3a5d53a\" style=\"--background-image: url(https:\/\/www.sebastien-auziere.fr\/blog\/wp-content\/uploads\/2026\/04\/Brigitte-Macron-confrontee-a-des-insultes-lors-des-funerailles-de-Nathalie-Baye-a-Paris-300x167.jpg);\">\n<h6 class=\"gb-headline gb-headline-ce6e96bc gb-headline-text\"><span class=\"post-term-item term-actualita-it\"><a href=\"https:\/\/www.sebastien-auziere.fr\/blog\/it\/category\/actualita-it\/\">Actualit\u00e0<\/a><\/span><\/h6>\n\n<h3 class=\"gb-headline gb-headline-4408eeed gb-headline-text\"><a href=\"https:\/\/www.sebastien-auziere.fr\/blog\/it\/brigitte-macron-confrontata-da-insulti-durante-i-funerali-di-nathalie-baye-a-parigi\/\">Brigitte Macron confrontata da insulti durante i funerali di Nathalie Baye a Parigi<\/a><\/h3>\n<\/div><\/div>\n<\/div>\n\n<\/div>\n<\/div>\n<\/div><\/div>\n\n<div class=\"gb-grid-column gb-grid-column-4ee88957\"><div class=\"gb-container gb-container-4ee88957 sticky-container\">\n<div class=\"gb-container gb-container-e00204fa hide-on-mobile\" id=\"categories\">\n<div class=\"wp-block-categories-dropdown wp-block-categories\"><label class=\"wp-block-categories__label\" for=\"wp-block-categories-1\">Cat\u00e9gories<\/label><select  name='category_name' id='wp-block-categories-1' class='postform'>\n\t<option value='-1'>S\u00e9lectionner Cat\u00e9gorie<\/option>\n\t<option class=\"level-0\" value=\"actualidades-es\">Actualidades<\/option>\n\t<option class=\"level-0\" value=\"actualidades-pt\">Actualidades<\/option>\n\t<option class=\"level-0\" value=\"actualita-it\">Actualit\u00e0<\/option>\n\t<option class=\"level-0\" value=\"actualites\">Actualit\u00e9s<\/option>\n\t<option class=\"level-0\" value=\"aktuelles-de\">Aktuelles<\/option>\n\t<option class=\"level-0\" value=\"news\">News<\/option>\n\t<option class=\"level-0\" value=\"non-classe-pt\">Non class\u00e9<\/option>\n\t<option class=\"level-0\" value=\"non-classe-ru\">Non class\u00e9<\/option>\n\t<option class=\"level-0\" value=\"non-classe-de\">Non class\u00e9<\/option>\n\t<option class=\"level-0\" value=\"non-classe-it\">Non class\u00e9<\/option>\n\t<option class=\"level-0\" value=\"tendance\">Tendance<\/option>\n\t<option class=\"level-0\" value=\"tendencia\">Tendencia<\/option>\n\t<option class=\"level-0\" value=\"tendency\">Tendency<\/option>\n\t<option class=\"level-0\" value=\"%d0%bd%d0%be%d0%b2%d0%be%d1%81%d1%82%d0%b8-ru\">\u041d\u043e\u0432\u043e\u0441\u0442\u0438<\/option>\n<\/select><script>\n( ( [ dropdownId, homeUrl ] ) => {\n\t\tconst dropdown = document.getElementById( dropdownId );\n\t\tfunction onSelectChange() {\n\t\t\tsetTimeout( () => {\n\t\t\t\tif ( 'escape' === dropdown.dataset.lastkey ) {\n\t\t\t\t\treturn;\n\t\t\t\t}\n\t\t\t\tif ( dropdown.value && dropdown instanceof HTMLSelectElement ) {\n\t\t\t\t\tconst url = new URL( homeUrl );\n\t\t\t\t\turl.searchParams.set( dropdown.name, dropdown.value );\n\t\t\t\t\tlocation.href = url.href;\n\t\t\t\t}\n\t\t\t}, 250 );\n\t\t}\n\t\tfunction onKeyUp( event ) {\n\t\t\tif ( 'Escape' === event.key ) {\n\t\t\t\tdropdown.dataset.lastkey = 'escape';\n\t\t\t} else {\n\t\t\t\tdelete dropdown.dataset.lastkey;\n\t\t\t}\n\t\t}\n\t\tfunction onClick() {\n\t\t\tdelete dropdown.dataset.lastkey;\n\t\t}\n\t\tdropdown.addEventListener( 'keyup', onKeyUp );\n\t\tdropdown.addEventListener( 'click', onClick );\n\t\tdropdown.addEventListener( 'change', onSelectChange );\n\t} )( [\"wp-block-categories-1\",\"https:\/\/www.sebastien-auziere.fr\/blog\"] );\n\/\/# sourceURL=build_dropdown_script_block_core_categories\n<\/script>\n\n<\/div>\n<\/div>\n\n<div class=\"gb-container gb-container-87eae8b1\">\n\n<h4 class=\"gb-headline gb-headline-96b0cc08 gb-headline-text\">Popolare<\/h4>\n\n\n<div class=\"gb-container gb-container-b869e504\"><\/div>\n\n\n<a class=\"gb-button gb-button-26441e9c\" href=\"#\"><span class=\"gb-button-text\">Di pi\u00f9<\/span><span class=\"gb-icon\"><\/span><\/a>\n\n<\/div>\n\n\n<div class=\"gb-grid-wrapper gb-grid-wrapper-ca33760c gb-query-loop-wrapper\">\n<div class=\"gb-grid-column gb-grid-column-5c7c4cab gb-query-loop-item post-3436 post type-post status-publish format-standard has-post-thumbnail hentry category--ru tag---ru tag--aye-ru tag--ru\"><div class=\"gb-container gb-container-5c7c4cab\">\n<div class=\"gb-container gb-container-3df7c017\">\n<figure class=\"gb-block-image gb-block-image-92236877\"><img decoding=\"async\" width=\"150\" height=\"150\" src=\"https:\/\/www.sebastien-auziere.fr\/blog\/wp-content\/uploads\/2026\/04\/Brigitte-Macron-confrontee-a-des-insultes-lors-des-funerailles-de-Nathalie-Baye-a-Paris-150x150.jpg\" class=\"gb-image-92236877\" alt=\"brigitte macron victime d&#039;insultes lors des fun\u00e9railles de nathalie baye \u00e0 paris, un moment de tension in\u00e9dit et bouleversant.\" \/><\/figure>\n<\/div>\n\n<div class=\"gb-container gb-container-3d6aadc7\">\n<h6 class=\"gb-headline gb-headline-5de65b61 gb-headline-text\"><span class=\"post-term-item term-%d0%bd%d0%be%d0%b2%d0%be%d1%81%d1%82%d0%b8-ru\">\u041d\u043e\u0432\u043e\u0441\u0442\u0438<\/span><\/h6>\n\n<h3 class=\"gb-headline gb-headline-1cf7ebe2 gb-headline-text\"><a href=\"https:\/\/www.sebastien-auziere.fr\/blog\/ru\/%d0%b1%d1%80%d0%b8%d0%b6%d0%b8%d1%82-%d0%bc%d0%b0%d0%ba%d1%80%d0%be%d0%bd-%d1%81%d1%82%d0%be%d0%bb%d0%ba%d0%bd%d1%83%d0%bb%d0%b0%d1%81%d1%8c-%d1%81-%d0%be%d1%81%d0%ba%d0%be%d1%80%d0%b1%d0%bb%d0%b5\/\">\u0411\u0440\u0438\u0436\u0438\u0442 \u041c\u0430\u043a\u0440\u043e\u043d \u0441\u0442\u043e\u043b\u043a\u043d\u0443\u043b\u0430\u0441\u044c \u0441 \u043e\u0441\u043a\u043e\u0440\u0431\u043b\u0435\u043d\u0438\u044f\u043c\u0438 \u043d\u0430 \u043f\u043e\u0445\u043e\u0440\u043e\u043d\u0430\u0445 \u041d\u0430\u0442\u0430\u043b\u0438 \u0411\u0430\u044f \u0432 \u041f\u0430\u0440\u0438\u0436\u0435<\/a><\/h3>\n<\/div>\n<\/div><\/div>\n\n<div class=\"gb-grid-column gb-grid-column-5c7c4cab gb-query-loop-item post-3434 post type-post status-publish format-standard has-post-thumbnail hentry category-actualidades-pt tag-brigitte-macron-pt tag-funerais-pt tag-insultos-pt tag-nathalie-baye-pt tag-paris-pt\"><div class=\"gb-container gb-container-5c7c4cab\">\n<div class=\"gb-container gb-container-3df7c017\">\n<figure class=\"gb-block-image gb-block-image-92236877\"><img decoding=\"async\" width=\"150\" height=\"150\" src=\"https:\/\/www.sebastien-auziere.fr\/blog\/wp-content\/uploads\/2026\/04\/Brigitte-Macron-confrontee-a-des-insultes-lors-des-funerailles-de-Nathalie-Baye-a-Paris-150x150.jpg\" class=\"gb-image-92236877\" alt=\"brigitte macron victime d&#039;insultes lors des fun\u00e9railles de nathalie baye \u00e0 paris, un moment de tension in\u00e9dit et bouleversant.\" \/><\/figure>\n<\/div>\n\n<div class=\"gb-container gb-container-3d6aadc7\">\n<h6 class=\"gb-headline gb-headline-5de65b61 gb-headline-text\"><span class=\"post-term-item term-actualidades-pt\">Actualidades<\/span><\/h6>\n\n<h3 class=\"gb-headline gb-headline-1cf7ebe2 gb-headline-text\"><a href=\"https:\/\/www.sebastien-auziere.fr\/blog\/pt\/brigitte-macron-confrontada-com-insultos-durante-o-funeral-de-nathalie-baye-em-paris\/\">Brigitte Macron confrontada com insultos durante o funeral de Nathalie Baye em Paris<\/a><\/h3>\n<\/div>\n<\/div><\/div>\n\n<div class=\"gb-grid-column gb-grid-column-5c7c4cab gb-query-loop-item post-3432 post type-post status-publish format-standard has-post-thumbnail hentry category-actualita-it tag-brigitte-macron-it tag-funerali-it tag-insulti-it tag-nathalie-baye-it tag-parigi-it\"><div class=\"gb-container gb-container-5c7c4cab\">\n<div class=\"gb-container gb-container-3df7c017\">\n<figure class=\"gb-block-image gb-block-image-92236877\"><img decoding=\"async\" width=\"150\" height=\"150\" src=\"https:\/\/www.sebastien-auziere.fr\/blog\/wp-content\/uploads\/2026\/04\/Brigitte-Macron-confrontee-a-des-insultes-lors-des-funerailles-de-Nathalie-Baye-a-Paris-150x150.jpg\" class=\"gb-image-92236877\" alt=\"brigitte macron victime d&#039;insultes lors des fun\u00e9railles de nathalie baye \u00e0 paris, un moment de tension in\u00e9dit et bouleversant.\" \/><\/figure>\n<\/div>\n\n<div class=\"gb-container gb-container-3d6aadc7\">\n<h6 class=\"gb-headline gb-headline-5de65b61 gb-headline-text\"><span class=\"post-term-item term-actualita-it\">Actualit\u00e0<\/span><\/h6>\n\n<h3 class=\"gb-headline gb-headline-1cf7ebe2 gb-headline-text\"><a href=\"https:\/\/www.sebastien-auziere.fr\/blog\/it\/brigitte-macron-confrontata-da-insulti-durante-i-funerali-di-nathalie-baye-a-parigi\/\">Brigitte Macron confrontata da insulti durante i funerali di Nathalie Baye a Parigi<\/a><\/h3>\n<\/div>\n<\/div><\/div>\n\n<div class=\"gb-grid-column gb-grid-column-5c7c4cab gb-query-loop-item post-3430 post type-post status-publish format-standard has-post-thumbnail hentry category-aktuelles-de tag-beerdigungen-de tag-brigitte-macron-de tag-insulte-de tag-nathalie-baye-de tag-paris-de\"><div class=\"gb-container gb-container-5c7c4cab\">\n<div class=\"gb-container gb-container-3df7c017\">\n<figure class=\"gb-block-image gb-block-image-92236877\"><img decoding=\"async\" width=\"150\" height=\"150\" src=\"https:\/\/www.sebastien-auziere.fr\/blog\/wp-content\/uploads\/2026\/04\/Brigitte-Macron-confrontee-a-des-insultes-lors-des-funerailles-de-Nathalie-Baye-a-Paris-150x150.jpg\" class=\"gb-image-92236877\" alt=\"brigitte macron victime d&#039;insultes lors des fun\u00e9railles de nathalie baye \u00e0 paris, un moment de tension in\u00e9dit et bouleversant.\" \/><\/figure>\n<\/div>\n\n<div class=\"gb-container gb-container-3d6aadc7\">\n<h6 class=\"gb-headline gb-headline-5de65b61 gb-headline-text\"><span class=\"post-term-item term-aktuelles-de\">Aktuelles<\/span><\/h6>\n\n<h3 class=\"gb-headline gb-headline-1cf7ebe2 gb-headline-text\"><a href=\"https:\/\/www.sebastien-auziere.fr\/blog\/de\/brigitte-macron-sieht-sich-bei-den-beerdigungen-von-nathalie-baye-in-paris-beleidigungen-ausgesetzt\/\">Brigitte Macron sieht sich bei den Beerdigungen von Nathalie Baye in Paris Beleidigungen ausgesetzt<\/a><\/h3>\n<\/div>\n<\/div><\/div>\n\n<div class=\"gb-grid-column gb-grid-column-5c7c4cab gb-query-loop-item post-3428 post type-post status-publish format-standard has-post-thumbnail hentry category-actualidades-es tag-brigitte-macron-es tag-funerales-es tag-insultos-es tag-nathalie-baye-es tag-paris-es\"><div class=\"gb-container gb-container-5c7c4cab\">\n<div class=\"gb-container gb-container-3df7c017\">\n<figure class=\"gb-block-image gb-block-image-92236877\"><img decoding=\"async\" width=\"150\" height=\"150\" src=\"https:\/\/www.sebastien-auziere.fr\/blog\/wp-content\/uploads\/2026\/04\/Brigitte-Macron-confrontee-a-des-insultes-lors-des-funerailles-de-Nathalie-Baye-a-Paris-150x150.jpg\" class=\"gb-image-92236877\" alt=\"brigitte macron victime d&#039;insultes lors des fun\u00e9railles de nathalie baye \u00e0 paris, un moment de tension in\u00e9dit et bouleversant.\" \/><\/figure>\n<\/div>\n\n<div class=\"gb-container gb-container-3d6aadc7\">\n<h6 class=\"gb-headline gb-headline-5de65b61 gb-headline-text\"><span class=\"post-term-item term-actualidades-es\">Actualidades<\/span><\/h6>\n\n<h3 class=\"gb-headline gb-headline-1cf7ebe2 gb-headline-text\"><a href=\"https:\/\/www.sebastien-auziere.fr\/blog\/es\/brigitte-macron-enfrento-insultos-durante-el-funeral-de-nathalie-baye-en-paris\/\">Brigitte Macron enfrent\u00f3 insultos durante el funeral de Nathalie Baye en Par\u00eds<\/a><\/h3>\n<\/div>\n<\/div><\/div>\n\n<div class=\"gb-grid-column gb-grid-column-5c7c4cab gb-query-loop-item post-3426 post type-post status-publish format-standard has-post-thumbnail hentry category-news tag-brigitte-macron-en tag-funerals-en tag-insults-en tag-nathalie-baye-en tag-paris-en\"><div class=\"gb-container gb-container-5c7c4cab\">\n<div class=\"gb-container gb-container-3df7c017\">\n<figure class=\"gb-block-image gb-block-image-92236877\"><img decoding=\"async\" width=\"150\" height=\"150\" src=\"https:\/\/www.sebastien-auziere.fr\/blog\/wp-content\/uploads\/2026\/04\/Brigitte-Macron-confrontee-a-des-insultes-lors-des-funerailles-de-Nathalie-Baye-a-Paris-150x150.jpg\" class=\"gb-image-92236877\" alt=\"brigitte macron victime d&#039;insultes lors des fun\u00e9railles de nathalie baye \u00e0 paris, un moment de tension in\u00e9dit et bouleversant.\" \/><\/figure>\n<\/div>\n\n<div class=\"gb-container gb-container-3d6aadc7\">\n<h6 class=\"gb-headline gb-headline-5de65b61 gb-headline-text\"><span class=\"post-term-item term-news\">News<\/span><\/h6>\n\n<h3 class=\"gb-headline gb-headline-1cf7ebe2 gb-headline-text\"><a href=\"https:\/\/www.sebastien-auziere.fr\/blog\/en\/brigitte-macron-confronted-with-insults-during-nathalie-bayes-funeral-in-paris\/\">Brigitte Macron confronted with insults during Nathalie Baye&rsquo;s funeral in Paris<\/a><\/h3>\n<\/div>\n<\/div><\/div>\n<\/div>\n\n<\/div><\/div>\n<\/div>\n<\/div>\n\n<div class=\"gb-container gb-container-9a464e94\">\n\n<div class=\"gb-grid-wrapper gb-grid-wrapper-2aec3765 gb-query-loop-wrapper\">\n<div class=\"gb-grid-column gb-grid-column-63a7591b gb-query-loop-item post-3430 post type-post status-publish format-standard has-post-thumbnail hentry category-aktuelles-de tag-beerdigungen-de tag-brigitte-macron-de tag-insulte-de tag-nathalie-baye-de tag-paris-de\"><div class=\"gb-container gb-container-63a7591b\" style=\"--background-image: url(https:\/\/www.sebastien-auziere.fr\/blog\/wp-content\/uploads\/2026\/04\/Brigitte-Macron-confrontee-a-des-insultes-lors-des-funerailles-de-Nathalie-Baye-a-Paris-300x167.jpg);\">\n<h6 class=\"gb-headline gb-headline-7f8fced6 gb-headline-text\"><span class=\"post-term-item term-aktuelles-de\"><a href=\"https:\/\/www.sebastien-auziere.fr\/blog\/de\/category\/aktuelles-de\/\">Aktuelles<\/a><\/span><\/h6>\n\n<h3 class=\"gb-headline gb-headline-ede71420 gb-headline-text\"><a href=\"https:\/\/www.sebastien-auziere.fr\/blog\/de\/brigitte-macron-sieht-sich-bei-den-beerdigungen-von-nathalie-baye-in-paris-beleidigungen-ausgesetzt\/\">Brigitte Macron sieht sich bei den Beerdigungen von Nathalie Baye in Paris Beleidigungen ausgesetzt<\/a><\/h3>\n<\/div><\/div>\n\n<div class=\"gb-grid-column gb-grid-column-63a7591b gb-query-loop-item post-3428 post type-post status-publish format-standard has-post-thumbnail hentry category-actualidades-es tag-brigitte-macron-es tag-funerales-es tag-insultos-es tag-nathalie-baye-es tag-paris-es\"><div class=\"gb-container gb-container-63a7591b\" style=\"--background-image: url(https:\/\/www.sebastien-auziere.fr\/blog\/wp-content\/uploads\/2026\/04\/Brigitte-Macron-confrontee-a-des-insultes-lors-des-funerailles-de-Nathalie-Baye-a-Paris-300x167.jpg);\">\n<h6 class=\"gb-headline gb-headline-7f8fced6 gb-headline-text\"><span class=\"post-term-item term-actualidades-es\"><a href=\"https:\/\/www.sebastien-auziere.fr\/blog\/es\/category\/actualidades-es\/\">Actualidades<\/a><\/span><\/h6>\n\n<h3 class=\"gb-headline gb-headline-ede71420 gb-headline-text\"><a href=\"https:\/\/www.sebastien-auziere.fr\/blog\/es\/brigitte-macron-enfrento-insultos-durante-el-funeral-de-nathalie-baye-en-paris\/\">Brigitte Macron enfrent\u00f3 insultos durante el funeral de Nathalie Baye en Par\u00eds<\/a><\/h3>\n<\/div><\/div>\n\n<div class=\"gb-grid-column gb-grid-column-63a7591b gb-query-loop-item post-3426 post type-post status-publish format-standard has-post-thumbnail hentry category-news tag-brigitte-macron-en tag-funerals-en tag-insults-en tag-nathalie-baye-en tag-paris-en\"><div class=\"gb-container gb-container-63a7591b\" style=\"--background-image: url(https:\/\/www.sebastien-auziere.fr\/blog\/wp-content\/uploads\/2026\/04\/Brigitte-Macron-confrontee-a-des-insultes-lors-des-funerailles-de-Nathalie-Baye-a-Paris-300x167.jpg);\">\n<h6 class=\"gb-headline gb-headline-7f8fced6 gb-headline-text\"><span class=\"post-term-item term-news\"><a href=\"https:\/\/www.sebastien-auziere.fr\/blog\/en\/category\/news\/\">News<\/a><\/span><\/h6>\n\n<h3 class=\"gb-headline gb-headline-ede71420 gb-headline-text\"><a href=\"https:\/\/www.sebastien-auziere.fr\/blog\/en\/brigitte-macron-confronted-with-insults-during-nathalie-bayes-funeral-in-paris\/\">Brigitte Macron confronted with insults during Nathalie Baye&rsquo;s funeral in Paris<\/a><\/h3>\n<\/div><\/div>\n\n<div class=\"gb-grid-column gb-grid-column-63a7591b gb-query-loop-item post-3425 post type-post status-publish format-standard has-post-thumbnail hentry category-actualites tag-brigitte-macron tag-funerailles tag-insultes tag-nathalie-baye tag-paris\"><div class=\"gb-container gb-container-63a7591b\" style=\"--background-image: url(https:\/\/www.sebastien-auziere.fr\/blog\/wp-content\/uploads\/2026\/04\/Brigitte-Macron-confrontee-a-des-insultes-lors-des-funerailles-de-Nathalie-Baye-a-Paris-300x167.jpg);\">\n<h6 class=\"gb-headline gb-headline-7f8fced6 gb-headline-text\"><span class=\"post-term-item term-actualites\"><a href=\"https:\/\/www.sebastien-auziere.fr\/blog\/category\/actualites\/\">Actualit\u00e9s<\/a><\/span><\/h6>\n\n<h3 class=\"gb-headline gb-headline-ede71420 gb-headline-text\"><a href=\"https:\/\/www.sebastien-auziere.fr\/blog\/brigitte-macron-insultes-funerailles\/\">Brigitte Macron confront\u00e9e \u00e0 des insultes lors des fun\u00e9railles de Nathalie Baye \u00e0 Paris<\/a><\/h3>\n<\/div><\/div>\n<\/div>\n\n<\/div>\n\n<div class=\"gb-container gb-container-c6cf194b\">\n<div class=\"gb-grid-wrapper gb-grid-wrapper-798e2fae\">\n<div class=\"gb-grid-column gb-grid-column-3771c47e\"><div class=\"gb-container gb-container-3771c47e\"><div class=\"gb-inside-container\">\n<div class=\"gb-container gb-container-0bbc93b7\">\n\n<h4 class=\"gb-headline gb-headline-4942375c gb-headline-text\"><\/h4>\n\n\n<div class=\"gb-container gb-container-703221a1\"><\/div>\n\n\n<a class=\"gb-button gb-button-c19f45bf\" href=\"#\"><span class=\"gb-button-text\">Di pi\u00f9<\/span><span class=\"gb-icon\"><\/span><\/a>\n\n<\/div>\n\n<div class=\"gb-container gb-container-1e20c17b\">\n\n<div class=\"gb-grid-wrapper gb-grid-wrapper-2d83fe74 gb-query-loop-wrapper\">\n<div class=\"gb-grid-column gb-grid-column-41e9886c gb-query-loop-item post-3436 post type-post status-publish format-standard has-post-thumbnail hentry category--ru tag---ru tag--aye-ru tag--ru\"><div class=\"gb-container gb-container-41e9886c\">\n<div class=\"gb-grid-wrapper gb-grid-wrapper-6976bfa4\">\n<div class=\"gb-grid-column gb-grid-column-077353f5\"><div class=\"gb-container gb-container-077353f5\">\n<figure class=\"gb-block-image gb-block-image-743f9534\"><img decoding=\"async\" width=\"300\" height=\"167\" src=\"https:\/\/www.sebastien-auziere.fr\/blog\/wp-content\/uploads\/2026\/04\/Brigitte-Macron-confrontee-a-des-insultes-lors-des-funerailles-de-Nathalie-Baye-a-Paris-300x167.jpg\" class=\"gb-image-743f9534\" alt=\"brigitte macron victime d&#039;insultes lors des fun\u00e9railles de nathalie baye \u00e0 paris, un moment de tension in\u00e9dit et bouleversant.\" srcset=\"https:\/\/www.sebastien-auziere.fr\/blog\/wp-content\/uploads\/2026\/04\/Brigitte-Macron-confrontee-a-des-insultes-lors-des-funerailles-de-Nathalie-Baye-a-Paris-300x167.jpg 300w, https:\/\/www.sebastien-auziere.fr\/blog\/wp-content\/uploads\/2026\/04\/Brigitte-Macron-confrontee-a-des-insultes-lors-des-funerailles-de-Nathalie-Baye-a-Paris-1024x572.jpg 1024w, https:\/\/www.sebastien-auziere.fr\/blog\/wp-content\/uploads\/2026\/04\/Brigitte-Macron-confrontee-a-des-insultes-lors-des-funerailles-de-Nathalie-Baye-a-Paris-768x429.jpg 768w, https:\/\/www.sebastien-auziere.fr\/blog\/wp-content\/uploads\/2026\/04\/Brigitte-Macron-confrontee-a-des-insultes-lors-des-funerailles-de-Nathalie-Baye-a-Paris-1536x857.jpg 1536w, https:\/\/www.sebastien-auziere.fr\/blog\/wp-content\/uploads\/2026\/04\/Brigitte-Macron-confrontee-a-des-insultes-lors-des-funerailles-de-Nathalie-Baye-a-Paris-2048x1143.jpg 2048w\" sizes=\"(max-width: 300px) 100vw, 300px\" \/><\/figure>\n<\/div><\/div>\n\n<div class=\"gb-grid-column gb-grid-column-277ca434\"><div class=\"gb-container gb-container-277ca434\">\n<h3 class=\"gb-headline gb-headline-a69df127 gb-headline-text\"><a href=\"https:\/\/www.sebastien-auziere.fr\/blog\/ru\/%d0%b1%d1%80%d0%b8%d0%b6%d0%b8%d1%82-%d0%bc%d0%b0%d0%ba%d1%80%d0%be%d0%bd-%d1%81%d1%82%d0%be%d0%bb%d0%ba%d0%bd%d1%83%d0%bb%d0%b0%d1%81%d1%8c-%d1%81-%d0%be%d1%81%d0%ba%d0%be%d1%80%d0%b1%d0%bb%d0%b5\/\">\u0411\u0440\u0438\u0436\u0438\u0442 \u041c\u0430\u043a\u0440\u043e\u043d \u0441\u0442\u043e\u043b\u043a\u043d\u0443\u043b\u0430\u0441\u044c \u0441 \u043e\u0441\u043a\u043e\u0440\u0431\u043b\u0435\u043d\u0438\u044f\u043c\u0438 \u043d\u0430 \u043f\u043e\u0445\u043e\u0440\u043e\u043d\u0430\u0445 \u041d\u0430\u0442\u0430\u043b\u0438 \u0411\u0430\u044f \u0432 \u041f\u0430\u0440\u0438\u0436\u0435<\/a><\/h3>\n\n<div class=\"gb-headline gb-headline-b32d9b4f gb-headline-text\">Chloe Gauthier<\/div>\n\n<div class=\"gb-headline gb-headline-ee9a486f gb-headline-text\"><time class=\"entry-date published\" datetime=\"2026-04-29T07:21:06+00:00\">avril 29, 2026<\/time><\/div>\n\n<p class=\"gb-headline gb-headline-969bd5ab gb-headline-text\">\u0411\u0440\u0438\u0436\u0438\u0442 \u041c\u0430\u043a\u0440\u043e\u043d \u0431\u044b\u043b\u0430 \u043f\u043e\u0434\u0432\u0435\u0440\u0433\u043d\u0443\u0442\u0430 \u043a\u0440\u0438\u0442\u0438\u043a\u0435 \u043f\u043e \u043f\u0440\u0438\u0431\u044b\u0442\u0438\u0438 \u043d\u0430 \u043f\u043e\u0445\u043e\u0440\u043e\u043d\u044b \u041d\u0430\u0442\u0430\u043b\u0438 \u0411\u0430\u0439 \u0432 \u041f\u0430\u0440\u0438\u0436\u0435 24 \u0430\u043f\u0440\u0435\u043b\u044f &#8230;<\/p>\n<\/div><\/div>\n<\/div>\n<\/div><\/div>\n\n<div class=\"gb-grid-column gb-grid-column-41e9886c gb-query-loop-item post-3434 post type-post status-publish format-standard has-post-thumbnail hentry category-actualidades-pt tag-brigitte-macron-pt tag-funerais-pt tag-insultos-pt tag-nathalie-baye-pt tag-paris-pt\"><div class=\"gb-container gb-container-41e9886c\">\n<div class=\"gb-grid-wrapper gb-grid-wrapper-6976bfa4\">\n<div class=\"gb-grid-column gb-grid-column-077353f5\"><div class=\"gb-container gb-container-077353f5\">\n<figure class=\"gb-block-image gb-block-image-743f9534\"><img decoding=\"async\" width=\"300\" height=\"167\" src=\"https:\/\/www.sebastien-auziere.fr\/blog\/wp-content\/uploads\/2026\/04\/Brigitte-Macron-confrontee-a-des-insultes-lors-des-funerailles-de-Nathalie-Baye-a-Paris-300x167.jpg\" class=\"gb-image-743f9534\" alt=\"brigitte macron victime d&#039;insultes lors des fun\u00e9railles de nathalie baye \u00e0 paris, un moment de tension in\u00e9dit et bouleversant.\" srcset=\"https:\/\/www.sebastien-auziere.fr\/blog\/wp-content\/uploads\/2026\/04\/Brigitte-Macron-confrontee-a-des-insultes-lors-des-funerailles-de-Nathalie-Baye-a-Paris-300x167.jpg 300w, https:\/\/www.sebastien-auziere.fr\/blog\/wp-content\/uploads\/2026\/04\/Brigitte-Macron-confrontee-a-des-insultes-lors-des-funerailles-de-Nathalie-Baye-a-Paris-1024x572.jpg 1024w, https:\/\/www.sebastien-auziere.fr\/blog\/wp-content\/uploads\/2026\/04\/Brigitte-Macron-confrontee-a-des-insultes-lors-des-funerailles-de-Nathalie-Baye-a-Paris-768x429.jpg 768w, https:\/\/www.sebastien-auziere.fr\/blog\/wp-content\/uploads\/2026\/04\/Brigitte-Macron-confrontee-a-des-insultes-lors-des-funerailles-de-Nathalie-Baye-a-Paris-1536x857.jpg 1536w, https:\/\/www.sebastien-auziere.fr\/blog\/wp-content\/uploads\/2026\/04\/Brigitte-Macron-confrontee-a-des-insultes-lors-des-funerailles-de-Nathalie-Baye-a-Paris-2048x1143.jpg 2048w\" sizes=\"(max-width: 300px) 100vw, 300px\" \/><\/figure>\n<\/div><\/div>\n\n<div class=\"gb-grid-column gb-grid-column-277ca434\"><div class=\"gb-container gb-container-277ca434\">\n<h3 class=\"gb-headline gb-headline-a69df127 gb-headline-text\"><a href=\"https:\/\/www.sebastien-auziere.fr\/blog\/pt\/brigitte-macron-confrontada-com-insultos-durante-o-funeral-de-nathalie-baye-em-paris\/\">Brigitte Macron confrontada com insultos durante o funeral de Nathalie Baye em Paris<\/a><\/h3>\n\n<div class=\"gb-headline gb-headline-b32d9b4f gb-headline-text\">Chloe Gauthier<\/div>\n\n<div class=\"gb-headline gb-headline-ee9a486f gb-headline-text\"><time class=\"entry-date published\" datetime=\"2026-04-29T07:19:28+00:00\">avril 29, 2026<\/time><\/div>\n\n<p class=\"gb-headline gb-headline-969bd5ab gb-headline-text\">Brigitte Macron foi alvo de cr\u00edticas em sua chegada ao funeral de Nathalie Baye em &#8230;<\/p>\n<\/div><\/div>\n<\/div>\n<\/div><\/div>\n\n<div class=\"gb-grid-column gb-grid-column-41e9886c gb-query-loop-item post-3432 post type-post status-publish format-standard has-post-thumbnail hentry category-actualita-it tag-brigitte-macron-it tag-funerali-it tag-insulti-it tag-nathalie-baye-it tag-parigi-it\"><div class=\"gb-container gb-container-41e9886c\">\n<div class=\"gb-grid-wrapper gb-grid-wrapper-6976bfa4\">\n<div class=\"gb-grid-column gb-grid-column-077353f5\"><div class=\"gb-container gb-container-077353f5\">\n<figure class=\"gb-block-image gb-block-image-743f9534\"><img decoding=\"async\" width=\"300\" height=\"167\" src=\"https:\/\/www.sebastien-auziere.fr\/blog\/wp-content\/uploads\/2026\/04\/Brigitte-Macron-confrontee-a-des-insultes-lors-des-funerailles-de-Nathalie-Baye-a-Paris-300x167.jpg\" class=\"gb-image-743f9534\" alt=\"brigitte macron victime d&#039;insultes lors des fun\u00e9railles de nathalie baye \u00e0 paris, un moment de tension in\u00e9dit et bouleversant.\" srcset=\"https:\/\/www.sebastien-auziere.fr\/blog\/wp-content\/uploads\/2026\/04\/Brigitte-Macron-confrontee-a-des-insultes-lors-des-funerailles-de-Nathalie-Baye-a-Paris-300x167.jpg 300w, https:\/\/www.sebastien-auziere.fr\/blog\/wp-content\/uploads\/2026\/04\/Brigitte-Macron-confrontee-a-des-insultes-lors-des-funerailles-de-Nathalie-Baye-a-Paris-1024x572.jpg 1024w, https:\/\/www.sebastien-auziere.fr\/blog\/wp-content\/uploads\/2026\/04\/Brigitte-Macron-confrontee-a-des-insultes-lors-des-funerailles-de-Nathalie-Baye-a-Paris-768x429.jpg 768w, https:\/\/www.sebastien-auziere.fr\/blog\/wp-content\/uploads\/2026\/04\/Brigitte-Macron-confrontee-a-des-insultes-lors-des-funerailles-de-Nathalie-Baye-a-Paris-1536x857.jpg 1536w, https:\/\/www.sebastien-auziere.fr\/blog\/wp-content\/uploads\/2026\/04\/Brigitte-Macron-confrontee-a-des-insultes-lors-des-funerailles-de-Nathalie-Baye-a-Paris-2048x1143.jpg 2048w\" sizes=\"(max-width: 300px) 100vw, 300px\" \/><\/figure>\n<\/div><\/div>\n\n<div class=\"gb-grid-column gb-grid-column-277ca434\"><div class=\"gb-container gb-container-277ca434\">\n<h3 class=\"gb-headline gb-headline-a69df127 gb-headline-text\"><a href=\"https:\/\/www.sebastien-auziere.fr\/blog\/it\/brigitte-macron-confrontata-da-insulti-durante-i-funerali-di-nathalie-baye-a-parigi\/\">Brigitte Macron confrontata da insulti durante i funerali di Nathalie Baye a Parigi<\/a><\/h3>\n\n<div class=\"gb-headline gb-headline-b32d9b4f gb-headline-text\">Chloe Gauthier<\/div>\n\n<div class=\"gb-headline gb-headline-ee9a486f gb-headline-text\"><time class=\"entry-date published\" datetime=\"2026-04-29T07:18:50+00:00\">avril 29, 2026<\/time><\/div>\n\n<p class=\"gb-headline gb-headline-969bd5ab gb-headline-text\">Brigitte Macron \u00e8 stata presa a parte al suo arrivo ai funerali di Nathalie Baye &#8230;<\/p>\n<\/div><\/div>\n<\/div>\n<\/div><\/div>\n\n<div class=\"gb-grid-column gb-grid-column-41e9886c gb-query-loop-item post-3430 post type-post status-publish format-standard has-post-thumbnail hentry category-aktuelles-de tag-beerdigungen-de tag-brigitte-macron-de tag-insulte-de tag-nathalie-baye-de tag-paris-de\"><div class=\"gb-container gb-container-41e9886c\">\n<div class=\"gb-grid-wrapper gb-grid-wrapper-6976bfa4\">\n<div class=\"gb-grid-column gb-grid-column-077353f5\"><div class=\"gb-container gb-container-077353f5\">\n<figure class=\"gb-block-image gb-block-image-743f9534\"><img decoding=\"async\" width=\"300\" height=\"167\" src=\"https:\/\/www.sebastien-auziere.fr\/blog\/wp-content\/uploads\/2026\/04\/Brigitte-Macron-confrontee-a-des-insultes-lors-des-funerailles-de-Nathalie-Baye-a-Paris-300x167.jpg\" class=\"gb-image-743f9534\" alt=\"brigitte macron victime d&#039;insultes lors des fun\u00e9railles de nathalie baye \u00e0 paris, un moment de tension in\u00e9dit et bouleversant.\" srcset=\"https:\/\/www.sebastien-auziere.fr\/blog\/wp-content\/uploads\/2026\/04\/Brigitte-Macron-confrontee-a-des-insultes-lors-des-funerailles-de-Nathalie-Baye-a-Paris-300x167.jpg 300w, https:\/\/www.sebastien-auziere.fr\/blog\/wp-content\/uploads\/2026\/04\/Brigitte-Macron-confrontee-a-des-insultes-lors-des-funerailles-de-Nathalie-Baye-a-Paris-1024x572.jpg 1024w, https:\/\/www.sebastien-auziere.fr\/blog\/wp-content\/uploads\/2026\/04\/Brigitte-Macron-confrontee-a-des-insultes-lors-des-funerailles-de-Nathalie-Baye-a-Paris-768x429.jpg 768w, https:\/\/www.sebastien-auziere.fr\/blog\/wp-content\/uploads\/2026\/04\/Brigitte-Macron-confrontee-a-des-insultes-lors-des-funerailles-de-Nathalie-Baye-a-Paris-1536x857.jpg 1536w, https:\/\/www.sebastien-auziere.fr\/blog\/wp-content\/uploads\/2026\/04\/Brigitte-Macron-confrontee-a-des-insultes-lors-des-funerailles-de-Nathalie-Baye-a-Paris-2048x1143.jpg 2048w\" sizes=\"(max-width: 300px) 100vw, 300px\" \/><\/figure>\n<\/div><\/div>\n\n<div class=\"gb-grid-column gb-grid-column-277ca434\"><div class=\"gb-container gb-container-277ca434\">\n<h3 class=\"gb-headline gb-headline-a69df127 gb-headline-text\"><a href=\"https:\/\/www.sebastien-auziere.fr\/blog\/de\/brigitte-macron-sieht-sich-bei-den-beerdigungen-von-nathalie-baye-in-paris-beleidigungen-ausgesetzt\/\">Brigitte Macron sieht sich bei den Beerdigungen von Nathalie Baye in Paris Beleidigungen ausgesetzt<\/a><\/h3>\n\n<div class=\"gb-headline gb-headline-b32d9b4f gb-headline-text\">Chloe Gauthier<\/div>\n\n<div class=\"gb-headline gb-headline-ee9a486f gb-headline-text\"><time class=\"entry-date published\" datetime=\"2026-04-29T07:16:25+00:00\">avril 29, 2026<\/time><\/div>\n\n<p class=\"gb-headline gb-headline-969bd5ab gb-headline-text\">Brigitte Macron wurde beim Eintreffen zu den Beerdigungen von Nathalie Baye in Paris am Freitag, &#8230;<\/p>\n<\/div><\/div>\n<\/div>\n<\/div><\/div>\n\n<div class=\"gb-grid-column gb-grid-column-41e9886c gb-query-loop-item post-3428 post type-post status-publish format-standard has-post-thumbnail hentry category-actualidades-es tag-brigitte-macron-es tag-funerales-es tag-insultos-es tag-nathalie-baye-es tag-paris-es\"><div class=\"gb-container gb-container-41e9886c\">\n<div class=\"gb-grid-wrapper gb-grid-wrapper-6976bfa4\">\n<div class=\"gb-grid-column gb-grid-column-077353f5\"><div class=\"gb-container gb-container-077353f5\">\n<figure class=\"gb-block-image gb-block-image-743f9534\"><img decoding=\"async\" width=\"300\" height=\"167\" src=\"https:\/\/www.sebastien-auziere.fr\/blog\/wp-content\/uploads\/2026\/04\/Brigitte-Macron-confrontee-a-des-insultes-lors-des-funerailles-de-Nathalie-Baye-a-Paris-300x167.jpg\" class=\"gb-image-743f9534\" alt=\"brigitte macron victime d&#039;insultes lors des fun\u00e9railles de nathalie baye \u00e0 paris, un moment de tension in\u00e9dit et bouleversant.\" srcset=\"https:\/\/www.sebastien-auziere.fr\/blog\/wp-content\/uploads\/2026\/04\/Brigitte-Macron-confrontee-a-des-insultes-lors-des-funerailles-de-Nathalie-Baye-a-Paris-300x167.jpg 300w, https:\/\/www.sebastien-auziere.fr\/blog\/wp-content\/uploads\/2026\/04\/Brigitte-Macron-confrontee-a-des-insultes-lors-des-funerailles-de-Nathalie-Baye-a-Paris-1024x572.jpg 1024w, https:\/\/www.sebastien-auziere.fr\/blog\/wp-content\/uploads\/2026\/04\/Brigitte-Macron-confrontee-a-des-insultes-lors-des-funerailles-de-Nathalie-Baye-a-Paris-768x429.jpg 768w, https:\/\/www.sebastien-auziere.fr\/blog\/wp-content\/uploads\/2026\/04\/Brigitte-Macron-confrontee-a-des-insultes-lors-des-funerailles-de-Nathalie-Baye-a-Paris-1536x857.jpg 1536w, https:\/\/www.sebastien-auziere.fr\/blog\/wp-content\/uploads\/2026\/04\/Brigitte-Macron-confrontee-a-des-insultes-lors-des-funerailles-de-Nathalie-Baye-a-Paris-2048x1143.jpg 2048w\" sizes=\"(max-width: 300px) 100vw, 300px\" \/><\/figure>\n<\/div><\/div>\n\n<div class=\"gb-grid-column gb-grid-column-277ca434\"><div class=\"gb-container gb-container-277ca434\">\n<h3 class=\"gb-headline gb-headline-a69df127 gb-headline-text\"><a href=\"https:\/\/www.sebastien-auziere.fr\/blog\/es\/brigitte-macron-enfrento-insultos-durante-el-funeral-de-nathalie-baye-en-paris\/\">Brigitte Macron enfrent\u00f3 insultos durante el funeral de Nathalie Baye en Par\u00eds<\/a><\/h3>\n\n<div class=\"gb-headline gb-headline-b32d9b4f gb-headline-text\">Chloe Gauthier<\/div>\n\n<div class=\"gb-headline gb-headline-ee9a486f gb-headline-text\"><time class=\"entry-date published\" datetime=\"2026-04-29T07:15:06+00:00\">avril 29, 2026<\/time><\/div>\n\n<p class=\"gb-headline gb-headline-969bd5ab gb-headline-text\">Brigitte Macron fue objeto de cr\u00edticas a su llegada al funeral de Nathalie Baye en &#8230;<\/p>\n<\/div><\/div>\n<\/div>\n<\/div><\/div>\n<\/div>\n\n<\/div>\n<\/div><\/div><\/div>\n<\/div>\n<\/div>","protected":false},"excerpt":{"rendered":"","protected":false},"author":4,"featured_media":0,"parent":0,"menu_order":0,"comment_status":"closed","ping_status":"closed","template":"","meta":{"footnotes":""},"class_list":["post-2286","page","type-page","status-publish"],"yoast_head":"<!-- This site is optimized with the Yoast SEO plugin v27.5 - https:\/\/yoast.com\/product\/yoast-seo-wordpress\/ -->\n<title>Blog Actu &amp; People : actualit\u00e9s, tendances et analyses des personnalit\u00e9s publiques<\/title>\n<meta name=\"description\" content=\"D\u00e9couvrez les derni\u00e8res actualit\u00e9s et tendances autour des personnalit\u00e9s publiques, de la politique et de la soci\u00e9t\u00e9. Articles, analyses et infos sur les figures qui font parler d\u2019elles.\" \/>\n<meta name=\"robots\" content=\"index, follow, max-snippet:-1, max-image-preview:large, max-video-preview:-1\" \/>\n<link rel=\"canonical\" href=\"https:\/\/www.sebastien-auziere.fr\/blog\/it\/home-it\/\" \/>\n<meta property=\"og:locale\" content=\"fr_FR\" \/>\n<meta property=\"og:type\" content=\"article\" \/>\n<meta property=\"og:title\" content=\"Blog Actu &amp; People : actualit\u00e9s, tendances et analyses des personnalit\u00e9s publiques\" \/>\n<meta property=\"og:description\" content=\"D\u00e9couvrez les derni\u00e8res actualit\u00e9s et tendances autour des personnalit\u00e9s publiques, de la politique et de la soci\u00e9t\u00e9. Articles, analyses et infos sur les figures qui font parler d\u2019elles.\" \/>\n<meta property=\"og:url\" content=\"https:\/\/www.sebastien-auziere.fr\/blog\/it\/home-it\/\" \/>\n<meta property=\"og:site_name\" content=\"Fan site S\u00e9bastien Auzi\u00e8re\" \/>\n<meta property=\"article:modified_time\" content=\"2026-03-06T17:34:10+00:00\" \/>\n<meta name=\"twitter:card\" content=\"summary_large_image\" \/>\n<meta name=\"twitter:label1\" content=\"Dur\u00e9e de lecture estim\u00e9e\" \/>\n\t<meta name=\"twitter:data1\" content=\"1 minute\" \/>\n<script type=\"application\/ld+json\" class=\"yoast-schema-graph\">{\"@context\":\"https:\\\/\\\/schema.org\",\"@graph\":[{\"@type\":\"WebPage\",\"@id\":\"https:\\\/\\\/www.sebastien-auziere.fr\\\/blog\\\/it\\\/home-it\\\/\",\"url\":\"https:\\\/\\\/www.sebastien-auziere.fr\\\/blog\\\/it\\\/home-it\\\/\",\"name\":\"Blog Actu & People : actualit\u00e9s, tendances et analyses des personnalit\u00e9s publiques\",\"isPartOf\":{\"@id\":\"https:\\\/\\\/www.sebastien-auziere.fr\\\/blog\\\/#website\"},\"datePublished\":\"2026-03-06T16:32:56+00:00\",\"dateModified\":\"2026-03-06T17:34:10+00:00\",\"description\":\"D\u00e9couvrez les derni\u00e8res actualit\u00e9s et tendances autour des personnalit\u00e9s publiques, de la politique et de la soci\u00e9t\u00e9. Articles, analyses et infos sur les figures qui font parler d\u2019elles.\",\"inLanguage\":\"fr-FR\",\"potentialAction\":[{\"@type\":\"ReadAction\",\"target\":[\"https:\\\/\\\/www.sebastien-auziere.fr\\\/blog\\\/it\\\/home-it\\\/\"]}]},{\"@type\":\"WebSite\",\"@id\":\"https:\\\/\\\/www.sebastien-auziere.fr\\\/blog\\\/#website\",\"url\":\"https:\\\/\\\/www.sebastien-auziere.fr\\\/blog\\\/\",\"name\":\"Fan site S\u00e9bastien Auzi\u00e8re\",\"description\":\"M\u00e9dia g\u00e9n\u00e9raliste\",\"publisher\":{\"@id\":\"https:\\\/\\\/www.sebastien-auziere.fr\\\/blog\\\/#organization\"},\"potentialAction\":[{\"@type\":\"SearchAction\",\"target\":{\"@type\":\"EntryPoint\",\"urlTemplate\":\"https:\\\/\\\/www.sebastien-auziere.fr\\\/blog\\\/?s={search_term_string}\"},\"query-input\":{\"@type\":\"PropertyValueSpecification\",\"valueRequired\":true,\"valueName\":\"search_term_string\"}}],\"inLanguage\":\"fr-FR\"},{\"@type\":\"Organization\",\"@id\":\"https:\\\/\\\/www.sebastien-auziere.fr\\\/blog\\\/#organization\",\"name\":\"Fan site S\u00e9bastien Auzi\u00e8re\",\"url\":\"https:\\\/\\\/www.sebastien-auziere.fr\\\/blog\\\/\",\"logo\":{\"@type\":\"ImageObject\",\"inLanguage\":\"fr-FR\",\"@id\":\"https:\\\/\\\/www.sebastien-auziere.fr\\\/blog\\\/#\\\/schema\\\/logo\\\/image\\\/\",\"url\":\"https:\\\/\\\/www.sebastien-auziere.fr\\\/blog\\\/wp-content\\\/uploads\\\/2026\\\/03\\\/cropped-cropped-cropped-ChatGPT-Image-6-mars-2026-12_58_09-e1772798376794.jpg\",\"contentUrl\":\"https:\\\/\\\/www.sebastien-auziere.fr\\\/blog\\\/wp-content\\\/uploads\\\/2026\\\/03\\\/cropped-cropped-cropped-ChatGPT-Image-6-mars-2026-12_58_09-e1772798376794.jpg\",\"width\":512,\"height\":360,\"caption\":\"Fan site S\u00e9bastien Auzi\u00e8re\"},\"image\":{\"@id\":\"https:\\\/\\\/www.sebastien-auziere.fr\\\/blog\\\/#\\\/schema\\\/logo\\\/image\\\/\"}}]}<\/script>\n<!-- \/ Yoast SEO plugin. -->","yoast_head_json":{"title":"Blog Actu & People : actualit\u00e9s, tendances et analyses des personnalit\u00e9s publiques","description":"D\u00e9couvrez les derni\u00e8res actualit\u00e9s et tendances autour des personnalit\u00e9s publiques, de la politique et de la soci\u00e9t\u00e9. Articles, analyses et infos sur les figures qui font parler d\u2019elles.","robots":{"index":"index","follow":"follow","max-snippet":"max-snippet:-1","max-image-preview":"max-image-preview:large","max-video-preview":"max-video-preview:-1"},"canonical":"https:\/\/www.sebastien-auziere.fr\/blog\/it\/home-it\/","og_locale":"fr_FR","og_type":"article","og_title":"Blog Actu & People : actualit\u00e9s, tendances et analyses des personnalit\u00e9s publiques","og_description":"D\u00e9couvrez les derni\u00e8res actualit\u00e9s et tendances autour des personnalit\u00e9s publiques, de la politique et de la soci\u00e9t\u00e9. Articles, analyses et infos sur les figures qui font parler d\u2019elles.","og_url":"https:\/\/www.sebastien-auziere.fr\/blog\/it\/home-it\/","og_site_name":"Fan site S\u00e9bastien Auzi\u00e8re","article_modified_time":"2026-03-06T17:34:10+00:00","twitter_card":"summary_large_image","twitter_misc":{"Dur\u00e9e de lecture estim\u00e9e":"1 minute"},"schema":{"@context":"https:\/\/schema.org","@graph":[{"@type":"WebPage","@id":"https:\/\/www.sebastien-auziere.fr\/blog\/it\/home-it\/","url":"https:\/\/www.sebastien-auziere.fr\/blog\/it\/home-it\/","name":"Blog Actu & People : actualit\u00e9s, tendances et analyses des personnalit\u00e9s publiques","isPartOf":{"@id":"https:\/\/www.sebastien-auziere.fr\/blog\/#website"},"datePublished":"2026-03-06T16:32:56+00:00","dateModified":"2026-03-06T17:34:10+00:00","description":"D\u00e9couvrez les derni\u00e8res actualit\u00e9s et tendances autour des personnalit\u00e9s publiques, de la politique et de la soci\u00e9t\u00e9. Articles, analyses et infos sur les figures qui font parler d\u2019elles.","inLanguage":"fr-FR","potentialAction":[{"@type":"ReadAction","target":["https:\/\/www.sebastien-auziere.fr\/blog\/it\/home-it\/"]}]},{"@type":"WebSite","@id":"https:\/\/www.sebastien-auziere.fr\/blog\/#website","url":"https:\/\/www.sebastien-auziere.fr\/blog\/","name":"Fan site S\u00e9bastien Auzi\u00e8re","description":"M\u00e9dia g\u00e9n\u00e9raliste","publisher":{"@id":"https:\/\/www.sebastien-auziere.fr\/blog\/#organization"},"potentialAction":[{"@type":"SearchAction","target":{"@type":"EntryPoint","urlTemplate":"https:\/\/www.sebastien-auziere.fr\/blog\/?s={search_term_string}"},"query-input":{"@type":"PropertyValueSpecification","valueRequired":true,"valueName":"search_term_string"}}],"inLanguage":"fr-FR"},{"@type":"Organization","@id":"https:\/\/www.sebastien-auziere.fr\/blog\/#organization","name":"Fan site S\u00e9bastien Auzi\u00e8re","url":"https:\/\/www.sebastien-auziere.fr\/blog\/","logo":{"@type":"ImageObject","inLanguage":"fr-FR","@id":"https:\/\/www.sebastien-auziere.fr\/blog\/#\/schema\/logo\/image\/","url":"https:\/\/www.sebastien-auziere.fr\/blog\/wp-content\/uploads\/2026\/03\/cropped-cropped-cropped-ChatGPT-Image-6-mars-2026-12_58_09-e1772798376794.jpg","contentUrl":"https:\/\/www.sebastien-auziere.fr\/blog\/wp-content\/uploads\/2026\/03\/cropped-cropped-cropped-ChatGPT-Image-6-mars-2026-12_58_09-e1772798376794.jpg","width":512,"height":360,"caption":"Fan site S\u00e9bastien Auzi\u00e8re"},"image":{"@id":"https:\/\/www.sebastien-auziere.fr\/blog\/#\/schema\/logo\/image\/"}}]}},"_links":{"self":[{"href":"https:\/\/www.sebastien-auziere.fr\/blog\/wp-json\/wp\/v2\/pages\/2286","targetHints":{"allow":["GET"]}}],"collection":[{"href":"https:\/\/www.sebastien-auziere.fr\/blog\/wp-json\/wp\/v2\/pages"}],"about":[{"href":"https:\/\/www.sebastien-auziere.fr\/blog\/wp-json\/wp\/v2\/types\/page"}],"author":[{"embeddable":true,"href":"https:\/\/www.sebastien-auziere.fr\/blog\/wp-json\/wp\/v2\/users\/4"}],"replies":[{"embeddable":true,"href":"https:\/\/www.sebastien-auziere.fr\/blog\/wp-json\/wp\/v2\/comments?post=2286"}],"version-history":[{"count":3,"href":"https:\/\/www.sebastien-auziere.fr\/blog\/wp-json\/wp\/v2\/pages\/2286\/revisions"}],"predecessor-version":[{"id":2312,"href":"https:\/\/www.sebastien-auziere.fr\/blog\/wp-json\/wp\/v2\/pages\/2286\/revisions\/2312"}],"wp:attachment":[{"href":"https:\/\/www.sebastien-auziere.fr\/blog\/wp-json\/wp\/v2\/media?parent=2286"}],"curies":[{"name":"wp","href":"https:\/\/api.w.org\/{rel}","templated":true}]}}