{"version":"1.0","provider_name":"Fan site S\u00e9bastien Auzi\u00e8re","provider_url":"https:\/\/www.sebastien-auziere.fr\/blog","author_name":"Chloe Gauthier","author_url":"https:\/\/www.sebastien-auziere.fr\/blog\/author\/chloe-gauthier\/","title":"Brigitte Macron se livre : \"Parfois, une tristesse in\u00e9dite m'envahit\" \u2013 retour sur ses ann\u00e9es difficiles... - Fan site S\u00e9bastien Auzi\u00e8re","type":"rich","width":600,"height":338,"html":"<blockquote class=\"wp-embedded-content\" data-secret=\"iZfdUbb60x\"><a href=\"https:\/\/www.sebastien-auziere.fr\/blog\/brigitte-macron-tristesse\/\">Brigitte Macron se livre : \u00ab\u00a0Parfois, une tristesse in\u00e9dite m&rsquo;envahit\u00a0\u00bb \u2013 retour sur ses ann\u00e9es difficiles&#8230;<\/a><\/blockquote><iframe sandbox=\"allow-scripts\" security=\"restricted\" src=\"https:\/\/www.sebastien-auziere.fr\/blog\/brigitte-macron-tristesse\/embed\/#?secret=iZfdUbb60x\" width=\"600\" height=\"338\" title=\"\u00ab\u00a0Brigitte Macron se livre : \u00ab\u00a0Parfois, une tristesse in\u00e9dite m&rsquo;envahit\u00a0\u00bb \u2013 retour sur ses ann\u00e9es difficiles&#8230;\u00a0\u00bb &#8212; Fan site S\u00e9bastien Auzi\u00e8re\" data-secret=\"iZfdUbb60x\" frameborder=\"0\" marginwidth=\"0\" marginheight=\"0\" scrolling=\"no\" class=\"wp-embedded-content\"><\/iframe><script>\n\/*! This file is auto-generated *\/\n!function(d,l){\"use strict\";l.querySelector&&d.addEventListener&&\"undefined\"!=typeof URL&&(d.wp=d.wp||{},d.wp.receiveEmbedMessage||(d.wp.receiveEmbedMessage=function(e){var t=e.data;if((t||t.secret||t.message||t.value)&&!\/[^a-zA-Z0-9]\/.test(t.secret)){for(var s,r,n,a=l.querySelectorAll('iframe[data-secret=\"'+t.secret+'\"]'),o=l.querySelectorAll('blockquote[data-secret=\"'+t.secret+'\"]'),c=new RegExp(\"^https?:$\",\"i\"),i=0;i<o.length;i++)o[i].style.display=\"none\";for(i=0;i<a.length;i++)s=a[i],e.source===s.contentWindow&&(s.removeAttribute(\"style\"),\"height\"===t.message?(1e3<(r=parseInt(t.value,10))?r=1e3:~~r<200&&(r=200),s.height=r):\"link\"===t.message&&(r=new URL(s.getAttribute(\"src\")),n=new URL(t.value),c.test(n.protocol))&&n.host===r.host&&l.activeElement===s&&(d.top.location.href=t.value))}},d.addEventListener(\"message\",d.wp.receiveEmbedMessage,!1),l.addEventListener(\"DOMContentLoaded\",function(){for(var e,t,s=l.querySelectorAll(\"iframe.wp-embedded-content\"),r=0;r<s.length;r++)(t=(e=s[r]).getAttribute(\"data-secret\"))||(t=Math.random().toString(36).substring(2,12),e.src+=\"#?secret=\"+t,e.setAttribute(\"data-secret\",t)),e.contentWindow.postMessage({message:\"ready\",secret:t},\"*\")},!1)))}(window,document);\n\/\/# sourceURL=https:\/\/www.sebastien-auziere.fr\/blog\/wp-includes\/js\/wp-embed.min.js\n<\/script>\n","thumbnail_url":"https:\/\/www.sebastien-auziere.fr\/blog\/wp-content\/uploads\/2026\/04\/Brigitte-Macron-se-livre-Parfois-une-tristesse-inedite-menvahit-\u2013-retour-sur-ses-annees-difficiles.jpg","thumbnail_width":2560,"thumbnail_height":1429,"description":"Brigitte Macron se confie sur ses moments de tristesse in\u00e9dite et revient sur ses ann\u00e9es difficiles dans une interview touchante."}